{"id":129,"date":"2009-03-18T21:22:16","date_gmt":"2009-03-18T20:22:16","guid":{"rendered":"https:\/\/vgak.info\/devwork\/?page_id=129"},"modified":"2010-04-06T10:07:53","modified_gmt":"2010-04-06T09:07:53","slug":"pristagare-1999","status":"publish","type":"page","link":"https:\/\/vgak.info\/?page_id=129","title":{"rendered":"Pristagare 90-talet"},"content":{"rendered":"<h1>Akademins pristagare 1999<\/h1>\n<p>Prisutdelare: Landsh\u00f6vdingen i<br \/>\nV\u00e4stra G\u00f6talands l\u00e4n, G\u00f6te Bernhardsson<\/p>\n<p><a href=\"..\/..\/tomas.htm\">Tomas Yeh<\/a><br \/>\nFotograf, G\u00f6teborg<\/p>\n<p><a href=\"..\/..\/hakant.htm\">H\u00e5kan Th\u00f6rnstr\u00f6m<\/a><br \/>\nKock\/Restaurat\u00f6r,<br \/>\n<a href=\"http:\/\/www.thornstromskok.com\/\" target=\"_blank\">Th\u00f6rnstr\u00f6ms k\u00f6k,<\/a>G\u00f6teborg<\/p>\n<p><a href=\"..\/..\/stiftmat.htm\">Stiftelsen f\u00f6r Matkultur<\/a>, G\u00f6teborg<\/p>\n<p><a href=\"..\/..\/stefang.htm\">Stefan Grynge<\/a><br \/>\nKock, Resturat\u00f6r, Sk\u00f6vde<\/p>\n<p><a href=\"..\/..\/halland.htm\">Hall\u00e4ndska \u00d6rtaprojektet<\/a>, Halland<\/p>\n<p>Representerat av:  <a href=\"http:\/\/www.lthalland.se\/page\/20\/%22\" target=\"_blank\">Olof B\u00e5genholm<\/a> och <a href=\"http:\/\/www.lunnagard.nu\" target=\"_blank\">Viola Claesson<\/a><\/p>\n<h1>Akademins pristagare 1998<\/h1>\n<p>Prisutdelare: Landsh\u00f6vdingen i<br \/>\nV\u00e4stra G\u00f6talands l\u00e4n<br \/>\nG\u00f6te Bernhardsson<\/p>\n<p><a href=\"..\/..\/larssons.htm\">Kurt Larsson och Jan Erik Larsson<\/a><br \/>\nLarssons fisk, Moll\u00f6sund<\/p>\n<p><a href=\"..\/..\/mikaelo.htm\">Mikael \u00d6ster<\/a><br \/>\n<a href=\"mailto:\">K\u00f6kschef\/Restaurat\u00f6r<\/a><br \/>\n<a href=\"http:\/\/www.\/\" target=\"_blank\">Tanums Gestgifveri<\/a>, Tanumshede<br \/>\n<a href=\"..\/..\/ostras.htm\">Mats Johansson och Kent Persson<\/a><br \/>\n<a href=\"http:\/\/www.ostrasbrod.com\/\" target=\"_blank\">\u00d6stra Bagerif\u00f6reningen,<\/a> Halmstad<\/p>\n<h1>Akademins pristagare 1997<\/h1>\n<p>Prisutdelare: <a href=\"http:\/\/www.n.lst.se\/\" target=\"_blank\">Landsh\u00f6vdingen i Hallands l\u00e4n Karin Starrin<\/a><\/p>\n<p><a href=\"..\/..\/thomasa.htm\">Thomas Axell<\/a><br \/>\nLivsmedelshallen, Domus Avenyn, G\u00f6teborg<a href=\"..\/..\/lyxell.htm\">Ingmar Lyxell<\/a><br \/>\n<a href=\"mailto:28plus@telia.com\">K\u00f6kschef<\/a><br \/>\n<a href=\"http:\/\/www.restaurangguiden.com\/centrum\/28+\/main.htm\" target=\"_blank\">Restaurang 28+,<\/a> G\u00f6teborg<\/p>\n<p><a href=\"..\/..\/susannem.htm\">Susanne Magnevik<\/a><br \/>\nHusmor, <a href=\"http:\/\/www.goteborgskex.se\/\" target=\"_blank\">G\u00f6teborgs Kex<\/a>, Kung\u00e4lv<\/p>\n<p style=\"text-align: left;\"><a href=\"..\/..\/danb.htm\">Dan Berntsson<\/a><br \/>\n<a href=\"http:\/\/www.potatisinfo.com\/\" target=\"_blank\">Berntssons Potatislager<\/a>, L\u00e5ng\u00e5s, Halland  <a href=\"mailto:dan.berntsson@telia.com\">e-mail<\/a><\/p>\n<p style=\"text-align: left;\">\n<h1>Akademins pristagare 1996<\/h1>\n<p>Ingrid Pont\u00e9n<br \/>\nStork\u00f6ket, K\u00e4rnsjukhuset, Sk\u00f6vde<\/p>\n<p>Bo Mowitz, Mariebergs g\u00e5rd.<br \/>\nKycklinguppf\u00f6dare, Trollh\u00e4ttan<\/p>\n<p>Erik Flor\u00e9n<br \/>\n<a href=\"http:\/\/www.alberthotell.com\/\" target=\"_blank\">Albert K\u00f6k Hotell Konferens,<\/a> Restaurat\u00f6r, Alberts K\u00f6k Hotell Konferens, Trollh\u00e4ttan<\/p>\n<p>Mikael Svensson<br \/>\n<a href=\"..\/..\/1996.php\" target=\"_blank\">Str\u00f6mbergs Ost,<\/a> Falkenberg<\/p>\n","protected":false},"excerpt":{"rendered":"<p>Akademins pristagare 1999 Prisutdelare: Landsh\u00f6vdingen i V\u00e4stra G\u00f6talands l\u00e4n, G\u00f6te Bernhardsson Tomas Yeh Fotograf, G\u00f6teborg H\u00e5kan Th\u00f6rnstr\u00f6m Kock\/Restaurat\u00f6r, Th\u00f6rnstr\u00f6ms k\u00f6k,G\u00f6teborg Stiftelsen f\u00f6r Matkultur, G\u00f6teborg Stefan Grynge Kock, Resturat\u00f6r, Sk\u00f6vde Hall\u00e4ndska \u00d6rtaprojektet, Halland Representerat av: Olof B\u00e5genholm och Viola Claesson Akademins pristagare 1998 Prisutdelare: Landsh\u00f6vdingen i V\u00e4stra G\u00f6talands l\u00e4n G\u00f6te Bernhardsson Kurt Larsson och Jan Erik [&hellip;]<\/p>\n","protected":false},"author":6,"featured_media":0,"parent":12,"menu_order":7,"comment_status":"closed","ping_status":"closed","template":"","meta":{"hide_page_title":"","footnotes":""},"class_list":["post-129","page","type-page","status-publish","hentry"],"_links":{"self":[{"href":"https:\/\/vgak.info\/index.php?rest_route=\/wp\/v2\/pages\/129","targetHints":{"allow":["GET"]}}],"collection":[{"href":"https:\/\/vgak.info\/index.php?rest_route=\/wp\/v2\/pages"}],"about":[{"href":"https:\/\/vgak.info\/index.php?rest_route=\/wp\/v2\/types\/page"}],"author":[{"embeddable":true,"href":"https:\/\/vgak.info\/index.php?rest_route=\/wp\/v2\/users\/6"}],"replies":[{"embeddable":true,"href":"https:\/\/vgak.info\/index.php?rest_route=%2Fwp%2Fv2%2Fcomments&post=129"}],"version-history":[{"count":6,"href":"https:\/\/vgak.info\/index.php?rest_route=\/wp\/v2\/pages\/129\/revisions"}],"predecessor-version":[{"id":393,"href":"https:\/\/vgak.info\/index.php?rest_route=\/wp\/v2\/pages\/129\/revisions\/393"}],"up":[{"embeddable":true,"href":"https:\/\/vgak.info\/index.php?rest_route=\/wp\/v2\/pages\/12"}],"wp:attachment":[{"href":"https:\/\/vgak.info\/index.php?rest_route=%2Fwp%2Fv2%2Fmedia&parent=129"}],"curies":[{"name":"wp","href":"https:\/\/api.w.org\/{rel}","templated":true}]}}